{"id":869,"date":"2024-02-06T14:36:36","date_gmt":"2024-02-06T13:36:36","guid":{"rendered":"https:\/\/turrillogs.es\/es\/?page_id=869"},"modified":"2024-07-12T10:41:47","modified_gmt":"2024-07-12T09:41:47","slug":"gestion-de-incapacidades-temporales-2","status":"publish","type":"page","link":"https:\/\/turrillogs.es\/es\/gestion-de-incapacidades-temporales-2\/","title":{"rendered":"Gesti\u00f3n de Incapacidades Temporales"},"content":{"rendered":"\t\t<div data-elementor-type=\"wp-page\" data-elementor-id=\"869\" class=\"elementor elementor-869\" data-elementor-post-type=\"page\">\n\t\t\t\t<div class=\"elementor-element elementor-element-32c4ef78 e-flex e-con-boxed e-con e-parent\" data-id=\"32c4ef78\" data-element_type=\"container\" data-settings=\"{&quot;background_background&quot;:&quot;gradient&quot;}\">\n\t\t\t\t\t<div class=\"e-con-inner\">\n\t\t\t\t<div class=\"elementor-element elementor-element-2b37f546 elementor-widget elementor-widget-heading\" data-id=\"2b37f546\" data-element_type=\"widget\" data-widget_type=\"heading.default\">\n\t\t\t\t<div class=\"elementor-widget-container\">\n\t\t\t\t\t<h1 class=\"elementor-heading-title elementor-size-default\">Gesti\u00f3n de Incapacidades Temporales<\/h1>\t\t\t\t<\/div>\n\t\t\t\t<\/div>\n\t\t\t\t<div class=\"elementor-element elementor-element-1e6aea42 elementor-widget-divider--view-line elementor-widget elementor-widget-divider\" data-id=\"1e6aea42\" data-element_type=\"widget\" data-widget_type=\"divider.default\">\n\t\t\t\t<div class=\"elementor-widget-container\">\n\t\t\t\t\t\t\t<div class=\"elementor-divider\">\n\t\t\t<span class=\"elementor-divider-separator\">\n\t\t\t\t\t\t<\/span>\n\t\t<\/div>\n\t\t\t\t\t\t<\/div>\n\t\t\t\t<\/div>\n\t\t\t\t<div class=\"elementor-element elementor-element-7b9b6cd7 elementor-widget elementor-widget-text-editor\" data-id=\"7b9b6cd7\" data-element_type=\"widget\" data-widget_type=\"text-editor.default\">\n\t\t\t\t<div class=\"elementor-widget-container\">\n\t\t\t\t\t\t\t\t\t<p><strong>Bienvenidos a Turrillo Global Services<\/strong>, tu aliado de confianza en la gesti\u00f3n eficiente de incapacidades temporales para empresas. Con presencia en distintas localidades, estamos dedicados a ofrecer un servicio excepcional a empresas de todos los tama\u00f1os en toda la regi\u00f3n. Entendemos que la gesti\u00f3n de incapacidades temporales puede ser un proceso complejo y lleno de incertidumbres para tu negocio. Nuestro equipo est\u00e1 aqu\u00ed para facilitar este proceso y asegurar que tu empresa maneje estas situaciones con la mayor eficacia y empat\u00eda.<\/p>\t\t\t\t\t\t\t\t<\/div>\n\t\t\t\t<\/div>\n\t\t\t\t<div class=\"elementor-element elementor-element-3245d3d elementor-widget elementor-widget-image\" data-id=\"3245d3d\" data-element_type=\"widget\" data-widget_type=\"image.default\">\n\t\t\t\t<div class=\"elementor-widget-container\">\n\t\t\t\t\t\t\t\t\t\t\t\t\t\t\t<img fetchpriority=\"high\" decoding=\"async\" width=\"940\" height=\"780\" src=\"https:\/\/turrillogs.es\/es\/wp-content\/uploads\/2024\/02\/Diseno-sin-titulo-27.jpg\" class=\"attachment-large size-large wp-image-872\" alt=\"Importancia de la Gesti\u00f3n de Incapacidades Temporales para Tu Empresa\" srcset=\"https:\/\/turrillogs.es\/es\/wp-content\/uploads\/2024\/02\/Diseno-sin-titulo-27.jpg 940w, https:\/\/turrillogs.es\/es\/wp-content\/uploads\/2024\/02\/Diseno-sin-titulo-27-300x249.jpg 300w, https:\/\/turrillogs.es\/es\/wp-content\/uploads\/2024\/02\/Diseno-sin-titulo-27-768x637.jpg 768w, https:\/\/turrillogs.es\/es\/wp-content\/uploads\/2024\/02\/Diseno-sin-titulo-27-241x200.jpg 241w\" sizes=\"(max-width: 940px) 100vw, 940px\" \/>\t\t\t\t\t\t\t\t\t\t\t\t\t\t\t<\/div>\n\t\t\t\t<\/div>\n\t\t\t\t<div class=\"elementor-element elementor-element-5b57c895 elementor-widget elementor-widget-spacer\" data-id=\"5b57c895\" data-element_type=\"widget\" data-widget_type=\"spacer.default\">\n\t\t\t\t<div class=\"elementor-widget-container\">\n\t\t\t\t\t\t\t<div class=\"elementor-spacer\">\n\t\t\t<div class=\"elementor-spacer-inner\"><\/div>\n\t\t<\/div>\n\t\t\t\t\t\t<\/div>\n\t\t\t\t<\/div>\n\t\t\t\t<div class=\"elementor-element elementor-element-22bdd6d8 elementor-widget-divider--view-line elementor-widget elementor-widget-divider\" data-id=\"22bdd6d8\" data-element_type=\"widget\" data-widget_type=\"divider.default\">\n\t\t\t\t<div class=\"elementor-widget-container\">\n\t\t\t\t\t\t\t<div class=\"elementor-divider\">\n\t\t\t<span class=\"elementor-divider-separator\">\n\t\t\t\t\t\t<\/span>\n\t\t<\/div>\n\t\t\t\t\t\t<\/div>\n\t\t\t\t<\/div>\n\t\t\t\t<div class=\"elementor-element elementor-element-6f47023c elementor-widget elementor-widget-heading\" data-id=\"6f47023c\" data-element_type=\"widget\" data-widget_type=\"heading.default\">\n\t\t\t\t<div class=\"elementor-widget-container\">\n\t\t\t\t\t<h2 class=\"elementor-heading-title elementor-size-default\">Importancia de la Gesti\u00f3n de Incapacidades Temporales para Tu Empresa<\/h2>\t\t\t\t<\/div>\n\t\t\t\t<\/div>\n\t\t\t\t<div class=\"elementor-element elementor-element-28a2850a elementor-widget elementor-widget-text-editor\" data-id=\"28a2850a\" data-element_type=\"widget\" data-widget_type=\"text-editor.default\">\n\t\t\t\t<div class=\"elementor-widget-container\">\n\t\t\t\t\t\t\t\t\t<p>Una gesti\u00f3n adecuada de las incapacidades temporales es vital para mantener la productividad y el bienestar en tu empresa. Aqu\u00ed es donde nuestra experiencia marca la diferencia:<\/p>\t\t\t\t\t\t\t\t<\/div>\n\t\t\t\t<\/div>\n\t\t\t\t<div class=\"elementor-element elementor-element-597fd702 elementor-widget elementor-widget-spacer\" data-id=\"597fd702\" data-element_type=\"widget\" data-widget_type=\"spacer.default\">\n\t\t\t\t<div class=\"elementor-widget-container\">\n\t\t\t\t\t\t\t<div class=\"elementor-spacer\">\n\t\t\t<div class=\"elementor-spacer-inner\"><\/div>\n\t\t<\/div>\n\t\t\t\t\t\t<\/div>\n\t\t\t\t<\/div>\n\t\t\t\t<div class=\"elementor-element elementor-element-716a44e8 elementor-widget elementor-widget-heading\" data-id=\"716a44e8\" data-element_type=\"widget\" data-widget_type=\"heading.default\">\n\t\t\t\t<div class=\"elementor-widget-container\">\n\t\t\t\t\t<h2 class=\"elementor-heading-title elementor-size-default\">Asesoramiento Especializado<\/h2>\t\t\t\t<\/div>\n\t\t\t\t<\/div>\n\t\t\t\t<div class=\"elementor-element elementor-element-2ea2319f elementor-widget elementor-widget-text-editor\" data-id=\"2ea2319f\" data-element_type=\"widget\" data-widget_type=\"text-editor.default\">\n\t\t\t\t<div class=\"elementor-widget-container\">\n\t\t\t\t\t\t\t\t\t<p>Nuestro equipo posee un conocimiento profundo sobre las normativas laborales y de seguridad social, ofreci\u00e9ndote asesoramiento actualizado y relevante.<\/p>\t\t\t\t\t\t\t\t<\/div>\n\t\t\t\t<\/div>\n\t\t\t\t<div class=\"elementor-element elementor-element-17dbfd48 elementor-widget elementor-widget-heading\" data-id=\"17dbfd48\" data-element_type=\"widget\" data-widget_type=\"heading.default\">\n\t\t\t\t<div class=\"elementor-widget-container\">\n\t\t\t\t\t<h3 class=\"elementor-heading-title elementor-size-default\">Gesti\u00f3n Eficiente<\/h3>\t\t\t\t<\/div>\n\t\t\t\t<\/div>\n\t\t\t\t<div class=\"elementor-element elementor-element-4369dd23 elementor-widget elementor-widget-text-editor\" data-id=\"4369dd23\" data-element_type=\"widget\" data-widget_type=\"text-editor.default\">\n\t\t\t\t<div class=\"elementor-widget-container\">\n\t\t\t\t\t\t\t\t\t<p>Te ayudamos a gestionar las incapacidades temporales de manera eficiente, asegurando que tanto la empresa como el empleado est\u00e9n adecuadamente respaldados.<\/p>\t\t\t\t\t\t\t\t<\/div>\n\t\t\t\t<\/div>\n\t\t\t\t<div class=\"elementor-element elementor-element-1c049587 elementor-widget elementor-widget-heading\" data-id=\"1c049587\" data-element_type=\"widget\" data-widget_type=\"heading.default\">\n\t\t\t\t<div class=\"elementor-widget-container\">\n\t\t\t\t\t<h3 class=\"elementor-heading-title elementor-size-default\">Minimizaci\u00f3n de Impactos<\/h3>\t\t\t\t<\/div>\n\t\t\t\t<\/div>\n\t\t\t\t<div class=\"elementor-element elementor-element-2e01b5f0 elementor-widget elementor-widget-text-editor\" data-id=\"2e01b5f0\" data-element_type=\"widget\" data-widget_type=\"text-editor.default\">\n\t\t\t\t<div class=\"elementor-widget-container\">\n\t\t\t\t\t\t\t\t\t<p>Trabajamos para minimizar el impacto operativo en tu negocio, garantizando una gesti\u00f3n y un seguimiento efectivos de las ausencias por enfermedad o accidente.<\/p>\t\t\t\t\t\t\t\t<\/div>\n\t\t\t\t<\/div>\n\t\t\t\t<div class=\"elementor-element elementor-element-34d34de3 elementor-widget-divider--view-line elementor-widget elementor-widget-divider\" data-id=\"34d34de3\" data-element_type=\"widget\" data-widget_type=\"divider.default\">\n\t\t\t\t<div class=\"elementor-widget-container\">\n\t\t\t\t\t\t\t<div class=\"elementor-divider\">\n\t\t\t<span class=\"elementor-divider-separator\">\n\t\t\t\t\t\t<\/span>\n\t\t<\/div>\n\t\t\t\t\t\t<\/div>\n\t\t\t\t<\/div>\n\t\t\t\t<div class=\"elementor-element elementor-element-3687fb26 elementor-widget elementor-widget-spacer\" data-id=\"3687fb26\" data-element_type=\"widget\" data-widget_type=\"spacer.default\">\n\t\t\t\t<div class=\"elementor-widget-container\">\n\t\t\t\t\t\t\t<div class=\"elementor-spacer\">\n\t\t\t<div class=\"elementor-spacer-inner\"><\/div>\n\t\t<\/div>\n\t\t\t\t\t\t<\/div>\n\t\t\t\t<\/div>\n\t\t\t\t<div class=\"elementor-element elementor-element-4e69fdfb elementor-widget elementor-widget-heading\" data-id=\"4e69fdfb\" data-element_type=\"widget\" data-widget_type=\"heading.default\">\n\t\t\t\t<div class=\"elementor-widget-container\">\n\t\t\t\t\t<h2 class=\"elementor-heading-title elementor-size-default\">Nuestros Servicios Incluyen<\/h2>\t\t\t\t<\/div>\n\t\t\t\t<\/div>\n\t\t\t\t<div class=\"elementor-element elementor-element-5a74aa3e elementor-widget elementor-widget-heading\" data-id=\"5a74aa3e\" data-element_type=\"widget\" data-widget_type=\"heading.default\">\n\t\t\t\t<div class=\"elementor-widget-container\">\n\t\t\t\t\t<h3 class=\"elementor-heading-title elementor-size-default\">Asesoramiento sobre Normativa Laboral<\/h3>\t\t\t\t<\/div>\n\t\t\t\t<\/div>\n\t\t\t\t<div class=\"elementor-element elementor-element-b845c31 elementor-widget elementor-widget-text-editor\" data-id=\"b845c31\" data-element_type=\"widget\" data-widget_type=\"text-editor.default\">\n\t\t\t\t<div class=\"elementor-widget-container\">\n\t\t\t\t\t\t\t\t\t<p>Te orientamos sobre tus derechos y obligaciones como empleador en casos de incapacidades temporales.<\/p>\t\t\t\t\t\t\t\t<\/div>\n\t\t\t\t<\/div>\n\t\t\t\t<div class=\"elementor-element elementor-element-7082147b elementor-widget elementor-widget-heading\" data-id=\"7082147b\" data-element_type=\"widget\" data-widget_type=\"heading.default\">\n\t\t\t\t<div class=\"elementor-widget-container\">\n\t\t\t\t\t<h3 class=\"elementor-heading-title elementor-size-default\">Gesti\u00f3n de Documentaci\u00f3n<\/h3>\t\t\t\t<\/div>\n\t\t\t\t<\/div>\n\t\t\t\t<div class=\"elementor-element elementor-element-1693b93d elementor-widget elementor-widget-text-editor\" data-id=\"1693b93d\" data-element_type=\"widget\" data-widget_type=\"text-editor.default\">\n\t\t\t\t<div class=\"elementor-widget-container\">\n\t\t\t\t\t\t\t\t\t<p>Nos encargamos de toda la documentaci\u00f3n necesaria para el correcto manejo de las incapacidades, incluyendo la comunicaci\u00f3n con la seguridad social.<\/p>\t\t\t\t\t\t\t\t<\/div>\n\t\t\t\t<\/div>\n\t\t\t\t<div class=\"elementor-element elementor-element-56a3595a elementor-widget elementor-widget-heading\" data-id=\"56a3595a\" data-element_type=\"widget\" data-widget_type=\"heading.default\">\n\t\t\t\t<div class=\"elementor-widget-container\">\n\t\t\t\t\t<h3 class=\"elementor-heading-title elementor-size-default\">Planificaci\u00f3n y Seguimiento<\/h3>\t\t\t\t<\/div>\n\t\t\t\t<\/div>\n\t\t\t\t<div class=\"elementor-element elementor-element-32cb9902 elementor-widget elementor-widget-text-editor\" data-id=\"32cb9902\" data-element_type=\"widget\" data-widget_type=\"text-editor.default\">\n\t\t\t\t<div class=\"elementor-widget-container\">\n\t\t\t\t\t\t\t\t\t<p>Ofrecemos planificaci\u00f3n para la cobertura de puestos durante ausencias y seguimiento del estado del empleado para un retorno seguro al trabajo.<\/p>\t\t\t\t\t\t\t\t<\/div>\n\t\t\t\t<\/div>\n\t\t\t\t<div class=\"elementor-element elementor-element-1bab47ae elementor-widget elementor-widget-spacer\" data-id=\"1bab47ae\" data-element_type=\"widget\" data-widget_type=\"spacer.default\">\n\t\t\t\t<div class=\"elementor-widget-container\">\n\t\t\t\t\t\t\t<div class=\"elementor-spacer\">\n\t\t\t<div class=\"elementor-spacer-inner\"><\/div>\n\t\t<\/div>\n\t\t\t\t\t\t<\/div>\n\t\t\t\t<\/div>\n\t\t\t\t<div class=\"elementor-element elementor-element-6dcf74a7 elementor-widget elementor-widget-heading\" data-id=\"6dcf74a7\" data-element_type=\"widget\" data-widget_type=\"heading.default\">\n\t\t\t\t<div class=\"elementor-widget-container\">\n\t\t\t\t\t<h2 class=\"elementor-heading-title elementor-size-default\">Enfoque Personalizado<\/h2>\t\t\t\t<\/div>\n\t\t\t\t<\/div>\n\t\t\t\t<div class=\"elementor-element elementor-element-c4bec0a elementor-widget elementor-widget-text-editor\" data-id=\"c4bec0a\" data-element_type=\"widget\" data-widget_type=\"text-editor.default\">\n\t\t\t\t<div class=\"elementor-widget-container\">\n\t\t\t\t\t\t\t\t\t<p>Reconocemos la importancia de un manejo humano y personalizado de las incapacidades temporales. Cada caso es \u00fanico, y por eso, adaptamos nuestros servicios a las necesidades espec\u00edficas de tu empresa y tus empleados.<\/p>\t\t\t\t\t\t\t\t<\/div>\n\t\t\t\t<\/div>\n\t\t\t\t<div class=\"elementor-element elementor-element-132024f6 elementor-widget elementor-widget-heading\" data-id=\"132024f6\" data-element_type=\"widget\" data-widget_type=\"heading.default\">\n\t\t\t\t<div class=\"elementor-widget-container\">\n\t\t\t\t\t<h2 class=\"elementor-heading-title elementor-size-default\">Gestiona con Confianza<\/h2>\t\t\t\t<\/div>\n\t\t\t\t<\/div>\n\t\t<div class=\"elementor-element elementor-element-2a4de00c e-flex e-con-boxed e-con e-child\" data-id=\"2a4de00c\" data-element_type=\"container\">\n\t\t\t\t\t<div class=\"e-con-inner\">\n\t\t\t\t<div class=\"elementor-element elementor-element-31abbb29 elementor-widget elementor-widget-text-editor\" data-id=\"31abbb29\" data-element_type=\"widget\" data-widget_type=\"text-editor.default\">\n\t\t\t\t<div class=\"elementor-widget-container\">\n\t\t\t\t\t\t\t\t\t<p>En Turrillo Global Services, estamos comprometidos a apoyarte en la gesti\u00f3n eficiente de incapacidades temporales. Cont\u00e1ctanos hoy para obtener asesoramiento personalizado. Encuentra la sede m\u00e1s cercana y permite que te ayudemos a mantener un ambiente laboral productivo y cuidadoso.<\/p><p>\u00a1Juntos, aseguraremos el bienestar de tu equipo y el \u00e9xito continuo de tu empresa!<\/p>\t\t\t\t\t\t\t\t<\/div>\n\t\t\t\t<\/div>\n\t\t\t\t<div class=\"elementor-element elementor-element-7ec6be44 elementor-widget elementor-widget-spacer\" data-id=\"7ec6be44\" data-element_type=\"widget\" data-widget_type=\"spacer.default\">\n\t\t\t\t<div class=\"elementor-widget-container\">\n\t\t\t\t\t\t\t<div class=\"elementor-spacer\">\n\t\t\t<div class=\"elementor-spacer-inner\"><\/div>\n\t\t<\/div>\n\t\t\t\t\t\t<\/div>\n\t\t\t\t<\/div>\n\t\t\t\t<div class=\"elementor-element elementor-element-42c415cb elementor-widget elementor-widget-heading\" data-id=\"42c415cb\" data-element_type=\"widget\" data-widget_type=\"heading.default\">\n\t\t\t\t<div class=\"elementor-widget-container\">\n\t\t\t\t\t<h2 class=\"elementor-heading-title elementor-size-default\">Contacta con nuestra asesor\u00eda fiscal<\/h2>\t\t\t\t<\/div>\n\t\t\t\t<\/div>\n\t\t\t\t<div class=\"elementor-element elementor-element-30e2684b elementor-button-align-stretch elementor-widget elementor-widget-form\" data-id=\"30e2684b\" data-element_type=\"widget\" data-settings=\"{&quot;step_next_label&quot;:&quot;Siguiente&quot;,&quot;step_previous_label&quot;:&quot;Anterior&quot;,&quot;button_width&quot;:&quot;100&quot;,&quot;step_type&quot;:&quot;number_text&quot;,&quot;step_icon_shape&quot;:&quot;circle&quot;}\" data-widget_type=\"form.default\">\n\t\t\t\t<div class=\"elementor-widget-container\">\n\t\t\t\t\t\t\t<form class=\"elementor-form\" method=\"post\" name=\"Nuevo formulario\" aria-label=\"Nuevo formulario\">\n\t\t\t<input type=\"hidden\" name=\"post_id\" value=\"869\"\/>\n\t\t\t<input type=\"hidden\" name=\"form_id\" value=\"30e2684b\"\/>\n\t\t\t<input type=\"hidden\" name=\"referer_title\" value=\"Gesti\u00f3n de Incapacidades Temporales - Turrillo Global Services\" \/>\n\n\t\t\t\t\t\t\t<input type=\"hidden\" name=\"queried_id\" value=\"869\"\/>\n\t\t\t\n\t\t\t<div class=\"elementor-form-fields-wrapper elementor-labels-above\">\n\t\t\t\t\t\t\t\t<div class=\"elementor-field-type-text elementor-field-group elementor-column elementor-field-group-name elementor-col-100\">\n\t\t\t\t\t\t\t\t\t\t\t\t\t<input size=\"1\" type=\"text\" name=\"form_fields[name]\" id=\"form-field-name\" class=\"elementor-field elementor-size-sm  elementor-field-textual\" placeholder=\"Nombre de la empresa\">\n\t\t\t\t\t\t\t\t\t\t\t<\/div>\n\t\t\t\t\t\t\t\t<div class=\"elementor-field-type-text elementor-field-group elementor-column elementor-field-group-field_df7015d elementor-col-100\">\n\t\t\t\t\t\t\t\t\t\t\t\t\t<input size=\"1\" type=\"text\" name=\"form_fields[field_df7015d]\" id=\"form-field-field_df7015d\" class=\"elementor-field elementor-size-sm  elementor-field-textual\" placeholder=\"Nombre de contacto\">\n\t\t\t\t\t\t\t\t\t\t\t<\/div>\n\t\t\t\t\t\t\t\t<div class=\"elementor-field-type-email elementor-field-group elementor-column elementor-field-group-email elementor-col-100 elementor-field-required\">\n\t\t\t\t\t\t\t\t\t\t\t\t\t<input size=\"1\" type=\"email\" name=\"form_fields[email]\" id=\"form-field-email\" class=\"elementor-field elementor-size-sm  elementor-field-textual\" placeholder=\"Correo electr\u00f3nico\" required=\"required\">\n\t\t\t\t\t\t\t\t\t\t\t<\/div>\n\t\t\t\t\t\t\t\t<div class=\"elementor-field-type-tel elementor-field-group elementor-column elementor-field-group-field_0c65775 elementor-col-100 elementor-field-required\">\n\t\t\t\t\t\t\t<input size=\"1\" type=\"tel\" name=\"form_fields[field_0c65775]\" id=\"form-field-field_0c65775\" class=\"elementor-field elementor-size-sm  elementor-field-textual\" placeholder=\"Tel\u00e9fono\" required=\"required\" pattern=\"[0-9()#&amp;+*-=.]+\" title=\"Solo se aceptan n\u00fameros y caracteres de tel\u00e9fono (#,-,*,etc).\">\n\n\t\t\t\t\t\t<\/div>\n\t\t\t\t\t\t\t\t<div class=\"elementor-field-type-textarea elementor-field-group elementor-column elementor-field-group-message elementor-col-100\">\n\t\t\t\t\t<textarea class=\"elementor-field-textual elementor-field  elementor-size-sm\" name=\"form_fields[message]\" id=\"form-field-message\" rows=\"4\" placeholder=\"Consulta\"><\/textarea>\t\t\t\t<\/div>\n\t\t\t\t\t\t\t\t<div class=\"elementor-field-group elementor-column elementor-field-type-submit elementor-col-100 e-form__buttons\">\n\t\t\t\t\t<button class=\"elementor-button elementor-size-sm\" type=\"submit\">\n\t\t\t\t\t\t<span class=\"elementor-button-content-wrapper\">\n\t\t\t\t\t\t\t\t\t\t\t\t\t\t\t\t\t\t\t\t\t\t<span class=\"elementor-button-text\">Enviar<\/span>\n\t\t\t\t\t\t\t\t\t\t\t\t\t<\/span>\n\t\t\t\t\t<\/button>\n\t\t\t\t<\/div>\n\t\t\t<\/div>\n\t\t<\/form>\n\t\t\t\t\t\t<\/div>\n\t\t\t\t<\/div>\n\t\t\t\t<div class=\"elementor-element elementor-element-68de5fa elementor-widget-divider--view-line elementor-widget elementor-widget-divider\" data-id=\"68de5fa\" data-element_type=\"widget\" data-widget_type=\"divider.default\">\n\t\t\t\t<div class=\"elementor-widget-container\">\n\t\t\t\t\t\t\t<div class=\"elementor-divider\">\n\t\t\t<span class=\"elementor-divider-separator\">\n\t\t\t\t\t\t<\/span>\n\t\t<\/div>\n\t\t\t\t\t\t<\/div>\n\t\t\t\t<\/div>\n\t\t\t\t<div class=\"elementor-element elementor-element-3f60ed3 elementor-widget elementor-widget-spacer\" data-id=\"3f60ed3\" data-element_type=\"widget\" data-widget_type=\"spacer.default\">\n\t\t\t\t<div class=\"elementor-widget-container\">\n\t\t\t\t\t\t\t<div class=\"elementor-spacer\">\n\t\t\t<div class=\"elementor-spacer-inner\"><\/div>\n\t\t<\/div>\n\t\t\t\t\t\t<\/div>\n\t\t\t\t<\/div>\n\t\t<div class=\"elementor-element elementor-element-7d23504 e-flex e-con-boxed e-con e-child\" data-id=\"7d23504\" data-element_type=\"container\">\n\t\t\t\t\t<div class=\"e-con-inner\">\n\t\t\t\t<div class=\"elementor-element elementor-element-ec2b21d elementor-icon-list--layout-traditional elementor-list-item-link-full_width elementor-widget elementor-widget-icon-list\" data-id=\"ec2b21d\" data-element_type=\"widget\" data-widget_type=\"icon-list.default\">\n\t\t\t\t<div class=\"elementor-widget-container\">\n\t\t\t\t\t\t\t<ul class=\"elementor-icon-list-items\">\n\t\t\t\t\t\t\t<li class=\"elementor-icon-list-item\">\n\t\t\t\t\t\t\t\t\t\t\t<span class=\"elementor-icon-list-icon\">\n\t\t\t\t\t\t\t<svg aria-hidden=\"true\" class=\"e-font-icon-svg e-far-arrow-alt-circle-right\" viewBox=\"0 0 512 512\" xmlns=\"http:\/\/www.w3.org\/2000\/svg\"><path d=\"M504 256C504 119 393 8 256 8S8 119 8 256s111 248 248 248 248-111 248-248zm-448 0c0-110.5 89.5-200 200-200s200 89.5 200 200-89.5 200-200 200S56 366.5 56 256zm72 20v-40c0-6.6 5.4-12 12-12h116v-67c0-10.7 12.9-16 20.5-8.5l99 99c4.7 4.7 4.7 12.3 0 17l-99 99c-7.6 7.6-20.5 2.2-20.5-8.5v-67H140c-6.6 0-12-5.4-12-12z\"><\/path><\/svg>\t\t\t\t\t\t<\/span>\n\t\t\t\t\t\t\t\t\t\t<span class=\"elementor-icon-list-text\">Gestoria en Madrid<\/span>\n\t\t\t\t\t\t\t\t\t<\/li>\n\t\t\t\t\t\t\t\t<li class=\"elementor-icon-list-item\">\n\t\t\t\t\t\t\t\t\t\t\t<span class=\"elementor-icon-list-icon\">\n\t\t\t\t\t\t\t<svg aria-hidden=\"true\" class=\"e-font-icon-svg e-fas-map-marker-alt\" viewBox=\"0 0 384 512\" xmlns=\"http:\/\/www.w3.org\/2000\/svg\"><path d=\"M172.268 501.67C26.97 291.031 0 269.413 0 192 0 85.961 85.961 0 192 0s192 85.961 192 192c0 77.413-26.97 99.031-172.268 309.67-9.535 13.774-29.93 13.773-39.464 0zM192 272c44.183 0 80-35.817 80-80s-35.817-80-80-80-80 35.817-80 80 35.817 80 80 80z\"><\/path><\/svg>\t\t\t\t\t\t<\/span>\n\t\t\t\t\t\t\t\t\t\t<span class=\"elementor-icon-list-text\">Calle Vel\u00e1zquez, 27. 28001 Madrid<\/span>\n\t\t\t\t\t\t\t\t\t<\/li>\n\t\t\t\t\t\t<\/ul>\n\t\t\t\t\t\t<\/div>\n\t\t\t\t<\/div>\n\t\t\t\t<div class=\"elementor-element elementor-element-05f0f53 elementor-icon-list--layout-traditional elementor-list-item-link-full_width elementor-widget elementor-widget-icon-list\" data-id=\"05f0f53\" data-element_type=\"widget\" data-widget_type=\"icon-list.default\">\n\t\t\t\t<div class=\"elementor-widget-container\">\n\t\t\t\t\t\t\t<ul class=\"elementor-icon-list-items\">\n\t\t\t\t\t\t\t<li class=\"elementor-icon-list-item\">\n\t\t\t\t\t\t\t\t\t\t\t<a href=\"https:\/\/turrillogs.es\/es\/?page_id=563\">\n\n\t\t\t\t\t\t\t\t\t\t\t\t<span class=\"elementor-icon-list-icon\">\n\t\t\t\t\t\t\t<svg aria-hidden=\"true\" class=\"e-font-icon-svg e-far-arrow-alt-circle-right\" viewBox=\"0 0 512 512\" xmlns=\"http:\/\/www.w3.org\/2000\/svg\"><path d=\"M504 256C504 119 393 8 256 8S8 119 8 256s111 248 248 248 248-111 248-248zm-448 0c0-110.5 89.5-200 200-200s200 89.5 200 200-89.5 200-200 200S56 366.5 56 256zm72 20v-40c0-6.6 5.4-12 12-12h116v-67c0-10.7 12.9-16 20.5-8.5l99 99c4.7 4.7 4.7 12.3 0 17l-99 99c-7.6 7.6-20.5 2.2-20.5-8.5v-67H140c-6.6 0-12-5.4-12-12z\"><\/path><\/svg>\t\t\t\t\t\t<\/span>\n\t\t\t\t\t\t\t\t\t\t<span class=\"elementor-icon-list-text\">Asesor\u00eda Fiscal en Getafe<\/span>\n\t\t\t\t\t\t\t\t\t\t\t<\/a>\n\t\t\t\t\t\t\t\t\t<\/li>\n\t\t\t\t\t\t\t\t<li class=\"elementor-icon-list-item\">\n\t\t\t\t\t\t\t\t\t\t\t<a href=\"https:\/\/www.google.com\/maps\/place\/\/data=!4m2!3m1!1s0xd42214d71c1dc07:0x136c47b5c4e7d06c?sa=X&#038;ved=2ahUKEwij6bSkt_qDAxXYU6QEHa--AxwQ4kB6BAgxEAA\">\n\n\t\t\t\t\t\t\t\t\t\t\t\t<span class=\"elementor-icon-list-icon\">\n\t\t\t\t\t\t\t<svg aria-hidden=\"true\" class=\"e-font-icon-svg e-fas-map-marker-alt\" viewBox=\"0 0 384 512\" xmlns=\"http:\/\/www.w3.org\/2000\/svg\"><path d=\"M172.268 501.67C26.97 291.031 0 269.413 0 192 0 85.961 85.961 0 192 0s192 85.961 192 192c0 77.413-26.97 99.031-172.268 309.67-9.535 13.774-29.93 13.773-39.464 0zM192 272c44.183 0 80-35.817 80-80s-35.817-80-80-80-80 35.817-80 80 35.817 80 80 80z\"><\/path><\/svg>\t\t\t\t\t\t<\/span>\n\t\t\t\t\t\t\t\t\t\t<span class=\"elementor-icon-list-text\">C. Carabanchel, 12, 28902 Getafe, Madrid<\/span>\n\t\t\t\t\t\t\t\t\t\t\t<\/a>\n\t\t\t\t\t\t\t\t\t<\/li>\n\t\t\t\t\t\t\t\t<li class=\"elementor-icon-list-item\">\n\t\t\t\t\t\t\t\t\t\t\t<a href=\"tel:691674860\">\n\n\t\t\t\t\t\t\t\t\t\t\t\t<span class=\"elementor-icon-list-icon\">\n\t\t\t\t\t\t\t<svg aria-hidden=\"true\" class=\"e-font-icon-svg e-fas-phone-alt\" viewBox=\"0 0 512 512\" xmlns=\"http:\/\/www.w3.org\/2000\/svg\"><path d=\"M497.39 361.8l-112-48a24 24 0 0 0-28 6.9l-49.6 60.6A370.66 370.66 0 0 1 130.6 204.11l60.6-49.6a23.94 23.94 0 0 0 6.9-28l-48-112A24.16 24.16 0 0 0 122.6.61l-104 24A24 24 0 0 0 0 48c0 256.5 207.9 464 464 464a24 24 0 0 0 23.4-18.6l24-104a24.29 24.29 0 0 0-14.01-27.6z\"><\/path><\/svg>\t\t\t\t\t\t<\/span>\n\t\t\t\t\t\t\t\t\t\t<span class=\"elementor-icon-list-text\">691 67 48 60<\/span>\n\t\t\t\t\t\t\t\t\t\t\t<\/a>\n\t\t\t\t\t\t\t\t\t<\/li>\n\t\t\t\t\t\t<\/ul>\n\t\t\t\t\t\t<\/div>\n\t\t\t\t<\/div>\n\t\t\t\t<div class=\"elementor-element elementor-element-c7dc379 elementor-icon-list--layout-traditional elementor-list-item-link-full_width elementor-widget elementor-widget-icon-list\" data-id=\"c7dc379\" data-element_type=\"widget\" data-widget_type=\"icon-list.default\">\n\t\t\t\t<div class=\"elementor-widget-container\">\n\t\t\t\t\t\t\t<ul class=\"elementor-icon-list-items\">\n\t\t\t\t\t\t\t<li class=\"elementor-icon-list-item\">\n\t\t\t\t\t\t\t\t\t\t\t<span class=\"elementor-icon-list-icon\">\n\t\t\t\t\t\t\t<svg aria-hidden=\"true\" class=\"e-font-icon-svg e-far-arrow-alt-circle-right\" viewBox=\"0 0 512 512\" xmlns=\"http:\/\/www.w3.org\/2000\/svg\"><path d=\"M504 256C504 119 393 8 256 8S8 119 8 256s111 248 248 248 248-111 248-248zm-448 0c0-110.5 89.5-200 200-200s200 89.5 200 200-89.5 200-200 200S56 366.5 56 256zm72 20v-40c0-6.6 5.4-12 12-12h116v-67c0-10.7 12.9-16 20.5-8.5l99 99c4.7 4.7 4.7 12.3 0 17l-99 99c-7.6 7.6-20.5 2.2-20.5-8.5v-67H140c-6.6 0-12-5.4-12-12z\"><\/path><\/svg>\t\t\t\t\t\t<\/span>\n\t\t\t\t\t\t\t\t\t\t<span class=\"elementor-icon-list-text\">Gestoria en Ibiza<\/span>\n\t\t\t\t\t\t\t\t\t<\/li>\n\t\t\t\t\t\t\t\t<li class=\"elementor-icon-list-item\">\n\t\t\t\t\t\t\t\t\t\t\t<span class=\"elementor-icon-list-icon\">\n\t\t\t\t\t\t\t<svg aria-hidden=\"true\" class=\"e-font-icon-svg e-fas-map-marker-alt\" viewBox=\"0 0 384 512\" xmlns=\"http:\/\/www.w3.org\/2000\/svg\"><path d=\"M172.268 501.67C26.97 291.031 0 269.413 0 192 0 85.961 85.961 0 192 0s192 85.961 192 192c0 77.413-26.97 99.031-172.268 309.67-9.535 13.774-29.93 13.773-39.464 0zM192 272c44.183 0 80-35.817 80-80s-35.817-80-80-80-80 35.817-80 80 35.817 80 80 80z\"><\/path><\/svg>\t\t\t\t\t\t<\/span>\n\t\t\t\t\t\t\t\t\t\t<span class=\"elementor-icon-list-text\">Calle Gregal 9 local 23 07800 Ibiza (Espa\u00f1a)<\/span>\n\t\t\t\t\t\t\t\t\t<\/li>\n\t\t\t\t\t\t<\/ul>\n\t\t\t\t\t\t<\/div>\n\t\t\t\t<\/div>\n\t\t\t\t<div class=\"elementor-element elementor-element-13d91d1 elementor-icon-list--layout-traditional elementor-list-item-link-full_width elementor-widget elementor-widget-icon-list\" data-id=\"13d91d1\" data-element_type=\"widget\" data-widget_type=\"icon-list.default\">\n\t\t\t\t<div class=\"elementor-widget-container\">\n\t\t\t\t\t\t\t<ul class=\"elementor-icon-list-items\">\n\t\t\t\t\t\t\t<li class=\"elementor-icon-list-item\">\n\t\t\t\t\t\t\t\t\t\t\t<span class=\"elementor-icon-list-icon\">\n\t\t\t\t\t\t\t<svg aria-hidden=\"true\" class=\"e-font-icon-svg e-far-arrow-alt-circle-right\" viewBox=\"0 0 512 512\" xmlns=\"http:\/\/www.w3.org\/2000\/svg\"><path d=\"M504 256C504 119 393 8 256 8S8 119 8 256s111 248 248 248 248-111 248-248zm-448 0c0-110.5 89.5-200 200-200s200 89.5 200 200-89.5 200-200 200S56 366.5 56 256zm72 20v-40c0-6.6 5.4-12 12-12h116v-67c0-10.7 12.9-16 20.5-8.5l99 99c4.7 4.7 4.7 12.3 0 17l-99 99c-7.6 7.6-20.5 2.2-20.5-8.5v-67H140c-6.6 0-12-5.4-12-12z\"><\/path><\/svg>\t\t\t\t\t\t<\/span>\n\t\t\t\t\t\t\t\t\t\t<span class=\"elementor-icon-list-text\">Gestoria en Valencia<\/span>\n\t\t\t\t\t\t\t\t\t<\/li>\n\t\t\t\t\t\t\t\t<li class=\"elementor-icon-list-item\">\n\t\t\t\t\t\t\t\t\t\t\t<span class=\"elementor-icon-list-icon\">\n\t\t\t\t\t\t\t<svg aria-hidden=\"true\" class=\"e-font-icon-svg e-fas-map-marker-alt\" viewBox=\"0 0 384 512\" xmlns=\"http:\/\/www.w3.org\/2000\/svg\"><path d=\"M172.268 501.67C26.97 291.031 0 269.413 0 192 0 85.961 85.961 0 192 0s192 85.961 192 192c0 77.413-26.97 99.031-172.268 309.67-9.535 13.774-29.93 13.773-39.464 0zM192 272c44.183 0 80-35.817 80-80s-35.817-80-80-80-80 35.817-80 80 35.817 80 80 80z\"><\/path><\/svg>\t\t\t\t\t\t<\/span>\n\t\t\t\t\t\t\t\t\t\t<span class=\"elementor-icon-list-text\">Calle Maria Cristina 1 puerta 2 46001 Valencia (Espa\u00f1a)<\/span>\n\t\t\t\t\t\t\t\t\t<\/li>\n\t\t\t\t\t\t<\/ul>\n\t\t\t\t\t\t<\/div>\n\t\t\t\t<\/div>\n\t\t\t\t<div class=\"elementor-element elementor-element-c4e23ff elementor-widget-divider--view-line elementor-widget elementor-widget-divider\" data-id=\"c4e23ff\" data-element_type=\"widget\" data-widget_type=\"divider.default\">\n\t\t\t\t<div class=\"elementor-widget-container\">\n\t\t\t\t\t\t\t<div class=\"elementor-divider\">\n\t\t\t<span class=\"elementor-divider-separator\">\n\t\t\t\t\t\t<\/span>\n\t\t<\/div>\n\t\t\t\t\t\t<\/div>\n\t\t\t\t<\/div>\n\t\t\t\t<div class=\"elementor-element elementor-element-6e561aa elementor-widget elementor-widget-spacer\" data-id=\"6e561aa\" data-element_type=\"widget\" data-widget_type=\"spacer.default\">\n\t\t\t\t<div class=\"elementor-widget-container\">\n\t\t\t\t\t\t\t<div class=\"elementor-spacer\">\n\t\t\t<div class=\"elementor-spacer-inner\"><\/div>\n\t\t<\/div>\n\t\t\t\t\t\t<\/div>\n\t\t\t\t<\/div>\n\t\t\t\t<div class=\"elementor-element elementor-element-836be44 elementor-grid-3 elementor-grid-tablet-2 elementor-grid-mobile-1 elementor-posts--thumbnail-top elementor-posts--show-avatar elementor-card-shadow-yes elementor-posts__hover-gradient elementor-widget elementor-widget-posts\" data-id=\"836be44\" data-element_type=\"widget\" data-settings=\"{&quot;cards_columns&quot;:&quot;3&quot;,&quot;cards_columns_tablet&quot;:&quot;2&quot;,&quot;cards_columns_mobile&quot;:&quot;1&quot;,&quot;cards_row_gap&quot;:{&quot;unit&quot;:&quot;px&quot;,&quot;size&quot;:35,&quot;sizes&quot;:[]},&quot;cards_row_gap_tablet&quot;:{&quot;unit&quot;:&quot;px&quot;,&quot;size&quot;:&quot;&quot;,&quot;sizes&quot;:[]},&quot;cards_row_gap_mobile&quot;:{&quot;unit&quot;:&quot;px&quot;,&quot;size&quot;:&quot;&quot;,&quot;sizes&quot;:[]}}\" data-widget_type=\"posts.cards\">\n\t\t\t\t<div class=\"elementor-widget-container\">\n\t\t\t\t\t\t\t<div class=\"elementor-posts-container elementor-posts elementor-posts--skin-cards elementor-grid\" role=\"list\">\n\t\t\t\t<article class=\"elementor-post elementor-grid-item post-1158 post type-post status-publish format-standard has-post-thumbnail hentry category-asesoramiento-fiscal category-asistencia-contable\" role=\"listitem\">\n\t\t\t<div class=\"elementor-post__card\">\n\t\t\t\t<a class=\"elementor-post__thumbnail__link\" href=\"https:\/\/turrillogs.es\/es\/herramientas-tecnologicas-para-facilitar-la-gestion-contable\/\" tabindex=\"-1\" ><div class=\"elementor-post__thumbnail\"><img decoding=\"async\" width=\"300\" height=\"200\" data-src=\"https:\/\/turrillogs.es\/es\/wp-content\/uploads\/2024\/04\/Diseno-sin-titulo-2024-03-04T105003.580-300x200.jpg\" class=\"attachment-medium size-medium wp-image-1163 lazyload\" alt=\"HERRAMIENTAS TECNOL\u00d3GICAS PARA FACILITAR LA GESTI\u00d3N CONTABLE\" data-srcset=\"https:\/\/turrillogs.es\/es\/wp-content\/uploads\/2024\/04\/Diseno-sin-titulo-2024-03-04T105003.580-300x200.jpg 300w, https:\/\/turrillogs.es\/es\/wp-content\/uploads\/2024\/04\/Diseno-sin-titulo-2024-03-04T105003.580-768x512.jpg 768w, https:\/\/turrillogs.es\/es\/wp-content\/uploads\/2024\/04\/Diseno-sin-titulo-2024-03-04T105003.580.jpg 900w\" data-sizes=\"(max-width: 300px) 100vw, 300px\" src=\"data:image\/svg+xml;base64,PHN2ZyB3aWR0aD0iMSIgaGVpZ2h0PSIxIiB4bWxucz0iaHR0cDovL3d3dy53My5vcmcvMjAwMC9zdmciPjwvc3ZnPg==\" style=\"--smush-placeholder-width: 300px; --smush-placeholder-aspect-ratio: 300\/200;\" \/><\/div><\/a>\n\t\t\t\t<div class=\"elementor-post__badge\">Asesoramiento Fiscal<\/div>\n\t\t\t\t<div class=\"elementor-post__avatar\">\n\t\t\t<img decoding=\"async\" width=\"128\" height=\"128\" data-src=\"https:\/\/turrillogs.es\/es\/wp-content\/uploads\/2024\/01\/Diseno-sin-titulo-96-150x150.jpg\" class=\"avatar avatar-128 photo lazyload\" alt=\"Isabel Turrillo\" data-srcset=\"https:\/\/turrillogs.es\/es\/wp-content\/uploads\/2024\/01\/Diseno-sin-titulo-96-150x150.jpg 150w, https:\/\/turrillogs.es\/es\/wp-content\/uploads\/2024\/01\/Diseno-sin-titulo-96-200x200.jpg 200w, https:\/\/turrillogs.es\/es\/wp-content\/uploads\/2024\/01\/Diseno-sin-titulo-96-24x24.jpg 24w, https:\/\/turrillogs.es\/es\/wp-content\/uploads\/2024\/01\/Diseno-sin-titulo-96-48x48.jpg 48w, https:\/\/turrillogs.es\/es\/wp-content\/uploads\/2024\/01\/Diseno-sin-titulo-96-96x96.jpg 96w, https:\/\/turrillogs.es\/es\/wp-content\/uploads\/2024\/01\/Diseno-sin-titulo-96.jpg 250w\" data-sizes=\"(max-width: 128px) 100vw, 128px\" src=\"data:image\/svg+xml;base64,PHN2ZyB3aWR0aD0iMSIgaGVpZ2h0PSIxIiB4bWxucz0iaHR0cDovL3d3dy53My5vcmcvMjAwMC9zdmciPjwvc3ZnPg==\" style=\"--smush-placeholder-width: 128px; --smush-placeholder-aspect-ratio: 128\/128;\" \/>\t\t<\/div>\n\t\t\t\t<div class=\"elementor-post__text\">\n\t\t\t\t<h3 class=\"elementor-post__title\">\n\t\t\t<a href=\"https:\/\/turrillogs.es\/es\/herramientas-tecnologicas-para-facilitar-la-gestion-contable\/\" >\n\t\t\t\tHerramientas tecnol\u00f3gicas para facilitar la gesti\u00f3n contable\t\t\t<\/a>\n\t\t<\/h3>\n\t\t\n\t\t<a class=\"elementor-post__read-more\" href=\"https:\/\/turrillogs.es\/es\/herramientas-tecnologicas-para-facilitar-la-gestion-contable\/\" aria-label=\"M\u00e1s informaci\u00f3n sobre Herramientas tecnol\u00f3gicas para facilitar la gesti\u00f3n contable\" tabindex=\"-1\" >\n\t\t\tLeer m\u00e1s \u00bb\t\t<\/a>\n\n\t\t\t\t<\/div>\n\t\t\t\t<div class=\"elementor-post__meta-data\">\n\t\t\t\t\t<span class=\"elementor-post-date\">\n\t\t\t04\/03\/2024\t\t<\/span>\n\t\t\t\t<\/div>\n\t\t\t\t\t<\/div>\n\t\t<\/article>\n\t\t\t\t<article class=\"elementor-post elementor-grid-item post-1140 post type-post status-publish format-standard has-post-thumbnail hentry category-asesoramiento-fiscal category-consultoria-sobre-incorporacion-y-reestructuracion\" role=\"listitem\">\n\t\t\t<div class=\"elementor-post__card\">\n\t\t\t\t<a class=\"elementor-post__thumbnail__link\" href=\"https:\/\/turrillogs.es\/es\/como-optimizar-la-tributacion-en-procesos-de-fusion-o-adquisicion\/\" tabindex=\"-1\" ><div class=\"elementor-post__thumbnail\"><img decoding=\"async\" width=\"300\" height=\"200\" data-src=\"https:\/\/turrillogs.es\/es\/wp-content\/uploads\/2024\/04\/Diseno-sin-titulo-2024-03-01T105556.292-300x200.jpg\" class=\"attachment-medium size-medium wp-image-1148 lazyload\" alt=\"C\u00d3MO OPTIMIZAR LA TRIBUTACI\u00d3N EN PROCESOS DE FUSI\u00d3N O ADQUISICI\u00d3N\" data-srcset=\"https:\/\/turrillogs.es\/es\/wp-content\/uploads\/2024\/04\/Diseno-sin-titulo-2024-03-01T105556.292-300x200.jpg 300w, https:\/\/turrillogs.es\/es\/wp-content\/uploads\/2024\/04\/Diseno-sin-titulo-2024-03-01T105556.292-768x512.jpg 768w, https:\/\/turrillogs.es\/es\/wp-content\/uploads\/2024\/04\/Diseno-sin-titulo-2024-03-01T105556.292.jpg 900w\" data-sizes=\"(max-width: 300px) 100vw, 300px\" src=\"data:image\/svg+xml;base64,PHN2ZyB3aWR0aD0iMSIgaGVpZ2h0PSIxIiB4bWxucz0iaHR0cDovL3d3dy53My5vcmcvMjAwMC9zdmciPjwvc3ZnPg==\" style=\"--smush-placeholder-width: 300px; --smush-placeholder-aspect-ratio: 300\/200;\" \/><\/div><\/a>\n\t\t\t\t<div class=\"elementor-post__badge\">Asesoramiento Fiscal<\/div>\n\t\t\t\t<div class=\"elementor-post__avatar\">\n\t\t\t<img decoding=\"async\" width=\"128\" height=\"128\" data-src=\"https:\/\/turrillogs.es\/es\/wp-content\/uploads\/2024\/01\/Diseno-sin-titulo-96-150x150.jpg\" class=\"avatar avatar-128 photo lazyload\" alt=\"Isabel Turrillo\" data-srcset=\"https:\/\/turrillogs.es\/es\/wp-content\/uploads\/2024\/01\/Diseno-sin-titulo-96-150x150.jpg 150w, https:\/\/turrillogs.es\/es\/wp-content\/uploads\/2024\/01\/Diseno-sin-titulo-96-200x200.jpg 200w, https:\/\/turrillogs.es\/es\/wp-content\/uploads\/2024\/01\/Diseno-sin-titulo-96-24x24.jpg 24w, https:\/\/turrillogs.es\/es\/wp-content\/uploads\/2024\/01\/Diseno-sin-titulo-96-48x48.jpg 48w, https:\/\/turrillogs.es\/es\/wp-content\/uploads\/2024\/01\/Diseno-sin-titulo-96-96x96.jpg 96w, https:\/\/turrillogs.es\/es\/wp-content\/uploads\/2024\/01\/Diseno-sin-titulo-96.jpg 250w\" data-sizes=\"(max-width: 128px) 100vw, 128px\" src=\"data:image\/svg+xml;base64,PHN2ZyB3aWR0aD0iMSIgaGVpZ2h0PSIxIiB4bWxucz0iaHR0cDovL3d3dy53My5vcmcvMjAwMC9zdmciPjwvc3ZnPg==\" style=\"--smush-placeholder-width: 128px; --smush-placeholder-aspect-ratio: 128\/128;\" \/>\t\t<\/div>\n\t\t\t\t<div class=\"elementor-post__text\">\n\t\t\t\t<h3 class=\"elementor-post__title\">\n\t\t\t<a href=\"https:\/\/turrillogs.es\/es\/como-optimizar-la-tributacion-en-procesos-de-fusion-o-adquisicion\/\" >\n\t\t\t\tC\u00f3mo optimizar la tributaci\u00f3n en procesos de fusi\u00f3n o adquisici\u00f3n\t\t\t<\/a>\n\t\t<\/h3>\n\t\t\n\t\t<a class=\"elementor-post__read-more\" href=\"https:\/\/turrillogs.es\/es\/como-optimizar-la-tributacion-en-procesos-de-fusion-o-adquisicion\/\" aria-label=\"M\u00e1s informaci\u00f3n sobre C\u00f3mo optimizar la tributaci\u00f3n en procesos de fusi\u00f3n o adquisici\u00f3n\" tabindex=\"-1\" >\n\t\t\tLeer m\u00e1s \u00bb\t\t<\/a>\n\n\t\t\t\t<\/div>\n\t\t\t\t<div class=\"elementor-post__meta-data\">\n\t\t\t\t\t<span class=\"elementor-post-date\">\n\t\t\t04\/03\/2024\t\t<\/span>\n\t\t\t\t<\/div>\n\t\t\t\t\t<\/div>\n\t\t<\/article>\n\t\t\t\t<article class=\"elementor-post elementor-grid-item post-1106 post type-post status-publish format-standard has-post-thumbnail hentry category-asesoramiento-fiscal category-asistencia-contable category-contabilidad-y-finanzas\" role=\"listitem\">\n\t\t\t<div class=\"elementor-post__card\">\n\t\t\t\t<a class=\"elementor-post__thumbnail__link\" href=\"https:\/\/turrillogs.es\/es\/importancia-de-una-contabilidad-precisa-y-actualizada\/\" tabindex=\"-1\" ><div class=\"elementor-post__thumbnail\"><img decoding=\"async\" width=\"300\" height=\"200\" data-src=\"https:\/\/turrillogs.es\/es\/wp-content\/uploads\/2024\/03\/Diseno-sin-titulo-2024-02-27T141307.284-300x200.jpg\" class=\"attachment-medium size-medium wp-image-1114 lazyload\" alt=\"IMPORTANCIA DE UNA CONTABILIDAD PRECISA Y ACTUALIZADA\" data-srcset=\"https:\/\/turrillogs.es\/es\/wp-content\/uploads\/2024\/03\/Diseno-sin-titulo-2024-02-27T141307.284-300x200.jpg 300w, https:\/\/turrillogs.es\/es\/wp-content\/uploads\/2024\/03\/Diseno-sin-titulo-2024-02-27T141307.284-768x512.jpg 768w, https:\/\/turrillogs.es\/es\/wp-content\/uploads\/2024\/03\/Diseno-sin-titulo-2024-02-27T141307.284.jpg 900w\" data-sizes=\"(max-width: 300px) 100vw, 300px\" src=\"data:image\/svg+xml;base64,PHN2ZyB3aWR0aD0iMSIgaGVpZ2h0PSIxIiB4bWxucz0iaHR0cDovL3d3dy53My5vcmcvMjAwMC9zdmciPjwvc3ZnPg==\" style=\"--smush-placeholder-width: 300px; --smush-placeholder-aspect-ratio: 300\/200;\" \/><\/div><\/a>\n\t\t\t\t<div class=\"elementor-post__badge\">Asesoramiento Fiscal<\/div>\n\t\t\t\t<div class=\"elementor-post__avatar\">\n\t\t\t<img decoding=\"async\" width=\"128\" height=\"128\" data-src=\"https:\/\/turrillogs.es\/es\/wp-content\/uploads\/2024\/01\/Diseno-sin-titulo-96-150x150.jpg\" class=\"avatar avatar-128 photo lazyload\" alt=\"Isabel Turrillo\" data-srcset=\"https:\/\/turrillogs.es\/es\/wp-content\/uploads\/2024\/01\/Diseno-sin-titulo-96-150x150.jpg 150w, https:\/\/turrillogs.es\/es\/wp-content\/uploads\/2024\/01\/Diseno-sin-titulo-96-200x200.jpg 200w, https:\/\/turrillogs.es\/es\/wp-content\/uploads\/2024\/01\/Diseno-sin-titulo-96-24x24.jpg 24w, https:\/\/turrillogs.es\/es\/wp-content\/uploads\/2024\/01\/Diseno-sin-titulo-96-48x48.jpg 48w, https:\/\/turrillogs.es\/es\/wp-content\/uploads\/2024\/01\/Diseno-sin-titulo-96-96x96.jpg 96w, https:\/\/turrillogs.es\/es\/wp-content\/uploads\/2024\/01\/Diseno-sin-titulo-96.jpg 250w\" data-sizes=\"(max-width: 128px) 100vw, 128px\" src=\"data:image\/svg+xml;base64,PHN2ZyB3aWR0aD0iMSIgaGVpZ2h0PSIxIiB4bWxucz0iaHR0cDovL3d3dy53My5vcmcvMjAwMC9zdmciPjwvc3ZnPg==\" style=\"--smush-placeholder-width: 128px; --smush-placeholder-aspect-ratio: 128\/128;\" \/>\t\t<\/div>\n\t\t\t\t<div class=\"elementor-post__text\">\n\t\t\t\t<h3 class=\"elementor-post__title\">\n\t\t\t<a href=\"https:\/\/turrillogs.es\/es\/importancia-de-una-contabilidad-precisa-y-actualizada\/\" >\n\t\t\t\tImportancia de una contabilidad precisa y actualizada\t\t\t<\/a>\n\t\t<\/h3>\n\t\t\n\t\t<a class=\"elementor-post__read-more\" href=\"https:\/\/turrillogs.es\/es\/importancia-de-una-contabilidad-precisa-y-actualizada\/\" aria-label=\"M\u00e1s informaci\u00f3n sobre Importancia de una contabilidad precisa y actualizada\" tabindex=\"-1\" >\n\t\t\tLeer m\u00e1s \u00bb\t\t<\/a>\n\n\t\t\t\t<\/div>\n\t\t\t\t<div class=\"elementor-post__meta-data\">\n\t\t\t\t\t<span class=\"elementor-post-date\">\n\t\t\t04\/03\/2024\t\t<\/span>\n\t\t\t\t<\/div>\n\t\t\t\t\t<\/div>\n\t\t<\/article>\n\t\t\t\t<article class=\"elementor-post elementor-grid-item post-1087 post type-post status-publish format-standard has-post-thumbnail hentry category-asesoramiento-fiscal\" role=\"listitem\">\n\t\t\t<div class=\"elementor-post__card\">\n\t\t\t\t<a class=\"elementor-post__thumbnail__link\" href=\"https:\/\/turrillogs.es\/es\/estrategias-para-minimizar-riesgos-fiscales-en-la-empresa\/\" tabindex=\"-1\" ><div class=\"elementor-post__thumbnail\"><img decoding=\"async\" width=\"300\" height=\"200\" data-src=\"https:\/\/turrillogs.es\/es\/wp-content\/uploads\/2024\/03\/Diseno-sin-titulo-2024-02-27T125544.284-300x200.jpg\" class=\"attachment-medium size-medium wp-image-1092 lazyload\" alt=\"ESTRATEGIAS PARA MINIMIZAR RIESGOS FISCALES EN LA EMPRESA\" data-srcset=\"https:\/\/turrillogs.es\/es\/wp-content\/uploads\/2024\/03\/Diseno-sin-titulo-2024-02-27T125544.284-300x200.jpg 300w, https:\/\/turrillogs.es\/es\/wp-content\/uploads\/2024\/03\/Diseno-sin-titulo-2024-02-27T125544.284-768x512.jpg 768w, https:\/\/turrillogs.es\/es\/wp-content\/uploads\/2024\/03\/Diseno-sin-titulo-2024-02-27T125544.284.jpg 900w\" data-sizes=\"(max-width: 300px) 100vw, 300px\" src=\"data:image\/svg+xml;base64,PHN2ZyB3aWR0aD0iMSIgaGVpZ2h0PSIxIiB4bWxucz0iaHR0cDovL3d3dy53My5vcmcvMjAwMC9zdmciPjwvc3ZnPg==\" style=\"--smush-placeholder-width: 300px; --smush-placeholder-aspect-ratio: 300\/200;\" \/><\/div><\/a>\n\t\t\t\t<div class=\"elementor-post__badge\">Asesoramiento Fiscal<\/div>\n\t\t\t\t<div class=\"elementor-post__avatar\">\n\t\t\t<img decoding=\"async\" width=\"128\" height=\"128\" data-src=\"https:\/\/turrillogs.es\/es\/wp-content\/uploads\/2024\/01\/Diseno-sin-titulo-96-150x150.jpg\" class=\"avatar avatar-128 photo lazyload\" alt=\"Isabel Turrillo\" data-srcset=\"https:\/\/turrillogs.es\/es\/wp-content\/uploads\/2024\/01\/Diseno-sin-titulo-96-150x150.jpg 150w, https:\/\/turrillogs.es\/es\/wp-content\/uploads\/2024\/01\/Diseno-sin-titulo-96-200x200.jpg 200w, https:\/\/turrillogs.es\/es\/wp-content\/uploads\/2024\/01\/Diseno-sin-titulo-96-24x24.jpg 24w, https:\/\/turrillogs.es\/es\/wp-content\/uploads\/2024\/01\/Diseno-sin-titulo-96-48x48.jpg 48w, https:\/\/turrillogs.es\/es\/wp-content\/uploads\/2024\/01\/Diseno-sin-titulo-96-96x96.jpg 96w, https:\/\/turrillogs.es\/es\/wp-content\/uploads\/2024\/01\/Diseno-sin-titulo-96.jpg 250w\" data-sizes=\"(max-width: 128px) 100vw, 128px\" src=\"data:image\/svg+xml;base64,PHN2ZyB3aWR0aD0iMSIgaGVpZ2h0PSIxIiB4bWxucz0iaHR0cDovL3d3dy53My5vcmcvMjAwMC9zdmciPjwvc3ZnPg==\" style=\"--smush-placeholder-width: 128px; --smush-placeholder-aspect-ratio: 128\/128;\" \/>\t\t<\/div>\n\t\t\t\t<div class=\"elementor-post__text\">\n\t\t\t\t<h3 class=\"elementor-post__title\">\n\t\t\t<a href=\"https:\/\/turrillogs.es\/es\/estrategias-para-minimizar-riesgos-fiscales-en-la-empresa\/\" >\n\t\t\t\tEstrategias para minimizar riesgos fiscales en la empresa\t\t\t<\/a>\n\t\t<\/h3>\n\t\t\n\t\t<a class=\"elementor-post__read-more\" href=\"https:\/\/turrillogs.es\/es\/estrategias-para-minimizar-riesgos-fiscales-en-la-empresa\/\" aria-label=\"M\u00e1s informaci\u00f3n sobre Estrategias para minimizar riesgos fiscales en la empresa\" tabindex=\"-1\" >\n\t\t\tLeer m\u00e1s \u00bb\t\t<\/a>\n\n\t\t\t\t<\/div>\n\t\t\t\t<div class=\"elementor-post__meta-data\">\n\t\t\t\t\t<span class=\"elementor-post-date\">\n\t\t\t13\/03\/2024\t\t<\/span>\n\t\t\t\t<\/div>\n\t\t\t\t\t<\/div>\n\t\t<\/article>\n\t\t\t\t<article class=\"elementor-post elementor-grid-item post-1063 post type-post status-publish format-standard has-post-thumbnail hentry category-asesoramiento-fiscal category-asesoramiento-sobre-problemas-con-la-agencia-tributaria\" role=\"listitem\">\n\t\t\t<div class=\"elementor-post__card\">\n\t\t\t\t<a class=\"elementor-post__thumbnail__link\" href=\"https:\/\/turrillogs.es\/es\/como-proceder-ante-una-inspeccion-de-hacienda\/\" tabindex=\"-1\" ><div class=\"elementor-post__thumbnail\"><img decoding=\"async\" width=\"300\" height=\"200\" data-src=\"https:\/\/turrillogs.es\/es\/wp-content\/uploads\/2024\/03\/Diseno-sin-titulo-99-300x200.jpg\" class=\"attachment-medium size-medium wp-image-1070 lazyload\" alt=\"C\u00d3MO PROCEDER ANTE UNA INSPECCI\u00d3N DE HACIENDA\" data-srcset=\"https:\/\/turrillogs.es\/es\/wp-content\/uploads\/2024\/03\/Diseno-sin-titulo-99-300x200.jpg 300w, https:\/\/turrillogs.es\/es\/wp-content\/uploads\/2024\/03\/Diseno-sin-titulo-99-768x512.jpg 768w, https:\/\/turrillogs.es\/es\/wp-content\/uploads\/2024\/03\/Diseno-sin-titulo-99.jpg 900w\" data-sizes=\"(max-width: 300px) 100vw, 300px\" src=\"data:image\/svg+xml;base64,PHN2ZyB3aWR0aD0iMSIgaGVpZ2h0PSIxIiB4bWxucz0iaHR0cDovL3d3dy53My5vcmcvMjAwMC9zdmciPjwvc3ZnPg==\" style=\"--smush-placeholder-width: 300px; --smush-placeholder-aspect-ratio: 300\/200;\" \/><\/div><\/a>\n\t\t\t\t<div class=\"elementor-post__badge\">Asesoramiento Fiscal<\/div>\n\t\t\t\t<div class=\"elementor-post__avatar\">\n\t\t\t<img decoding=\"async\" width=\"128\" height=\"128\" data-src=\"https:\/\/turrillogs.es\/es\/wp-content\/uploads\/2024\/01\/Diseno-sin-titulo-96-150x150.jpg\" class=\"avatar avatar-128 photo lazyload\" alt=\"Isabel Turrillo\" data-srcset=\"https:\/\/turrillogs.es\/es\/wp-content\/uploads\/2024\/01\/Diseno-sin-titulo-96-150x150.jpg 150w, https:\/\/turrillogs.es\/es\/wp-content\/uploads\/2024\/01\/Diseno-sin-titulo-96-200x200.jpg 200w, https:\/\/turrillogs.es\/es\/wp-content\/uploads\/2024\/01\/Diseno-sin-titulo-96-24x24.jpg 24w, https:\/\/turrillogs.es\/es\/wp-content\/uploads\/2024\/01\/Diseno-sin-titulo-96-48x48.jpg 48w, https:\/\/turrillogs.es\/es\/wp-content\/uploads\/2024\/01\/Diseno-sin-titulo-96-96x96.jpg 96w, https:\/\/turrillogs.es\/es\/wp-content\/uploads\/2024\/01\/Diseno-sin-titulo-96.jpg 250w\" data-sizes=\"(max-width: 128px) 100vw, 128px\" src=\"data:image\/svg+xml;base64,PHN2ZyB3aWR0aD0iMSIgaGVpZ2h0PSIxIiB4bWxucz0iaHR0cDovL3d3dy53My5vcmcvMjAwMC9zdmciPjwvc3ZnPg==\" style=\"--smush-placeholder-width: 128px; --smush-placeholder-aspect-ratio: 128\/128;\" \/>\t\t<\/div>\n\t\t\t\t<div class=\"elementor-post__text\">\n\t\t\t\t<h3 class=\"elementor-post__title\">\n\t\t\t<a href=\"https:\/\/turrillogs.es\/es\/como-proceder-ante-una-inspeccion-de-hacienda\/\" >\n\t\t\t\tC\u00f3mo proceder ante una inspecci\u00f3n de Hacienda\t\t\t<\/a>\n\t\t<\/h3>\n\t\t\n\t\t<a class=\"elementor-post__read-more\" href=\"https:\/\/turrillogs.es\/es\/como-proceder-ante-una-inspeccion-de-hacienda\/\" aria-label=\"M\u00e1s informaci\u00f3n sobre C\u00f3mo proceder ante una inspecci\u00f3n de Hacienda\" tabindex=\"-1\" >\n\t\t\tLeer m\u00e1s \u00bb\t\t<\/a>\n\n\t\t\t\t<\/div>\n\t\t\t\t<div class=\"elementor-post__meta-data\">\n\t\t\t\t\t<span class=\"elementor-post-date\">\n\t\t\t04\/03\/2024\t\t<\/span>\n\t\t\t\t<\/div>\n\t\t\t\t\t<\/div>\n\t\t<\/article>\n\t\t\t\t<article class=\"elementor-post elementor-grid-item post-1048 post type-post status-publish format-standard has-post-thumbnail hentry category-asesoramiento-fiscal category-asesoramiento-fiscal-de-ventas category-asesoria-contable\" role=\"listitem\">\n\t\t\t<div class=\"elementor-post__card\">\n\t\t\t\t<a class=\"elementor-post__thumbnail__link\" href=\"https:\/\/turrillogs.es\/es\/como-calcular-y-declarar-impuestos-sobre-ventas-de-productos-y-servicios\/\" tabindex=\"-1\" ><div class=\"elementor-post__thumbnail\"><img decoding=\"async\" width=\"300\" height=\"200\" data-src=\"https:\/\/turrillogs.es\/es\/wp-content\/uploads\/2024\/03\/Diseno-sin-titulo-98-300x200.jpg\" class=\"attachment-medium size-medium wp-image-1054 lazyload\" alt=\"C\u00d3MO CALCULAR Y DECLARAR IMPUESTOS SOBRE VENTAS DE PRODUCTOS Y SERVICIOS\" data-srcset=\"https:\/\/turrillogs.es\/es\/wp-content\/uploads\/2024\/03\/Diseno-sin-titulo-98-300x200.jpg 300w, https:\/\/turrillogs.es\/es\/wp-content\/uploads\/2024\/03\/Diseno-sin-titulo-98-768x512.jpg 768w, https:\/\/turrillogs.es\/es\/wp-content\/uploads\/2024\/03\/Diseno-sin-titulo-98.jpg 900w\" data-sizes=\"(max-width: 300px) 100vw, 300px\" src=\"data:image\/svg+xml;base64,PHN2ZyB3aWR0aD0iMSIgaGVpZ2h0PSIxIiB4bWxucz0iaHR0cDovL3d3dy53My5vcmcvMjAwMC9zdmciPjwvc3ZnPg==\" style=\"--smush-placeholder-width: 300px; --smush-placeholder-aspect-ratio: 300\/200;\" \/><\/div><\/a>\n\t\t\t\t<div class=\"elementor-post__badge\">Asesoramiento Fiscal<\/div>\n\t\t\t\t<div class=\"elementor-post__avatar\">\n\t\t\t<img decoding=\"async\" width=\"128\" height=\"128\" data-src=\"https:\/\/turrillogs.es\/es\/wp-content\/uploads\/2024\/01\/Diseno-sin-titulo-96-150x150.jpg\" class=\"avatar avatar-128 photo lazyload\" alt=\"Isabel Turrillo\" data-srcset=\"https:\/\/turrillogs.es\/es\/wp-content\/uploads\/2024\/01\/Diseno-sin-titulo-96-150x150.jpg 150w, https:\/\/turrillogs.es\/es\/wp-content\/uploads\/2024\/01\/Diseno-sin-titulo-96-200x200.jpg 200w, https:\/\/turrillogs.es\/es\/wp-content\/uploads\/2024\/01\/Diseno-sin-titulo-96-24x24.jpg 24w, https:\/\/turrillogs.es\/es\/wp-content\/uploads\/2024\/01\/Diseno-sin-titulo-96-48x48.jpg 48w, https:\/\/turrillogs.es\/es\/wp-content\/uploads\/2024\/01\/Diseno-sin-titulo-96-96x96.jpg 96w, https:\/\/turrillogs.es\/es\/wp-content\/uploads\/2024\/01\/Diseno-sin-titulo-96.jpg 250w\" data-sizes=\"(max-width: 128px) 100vw, 128px\" src=\"data:image\/svg+xml;base64,PHN2ZyB3aWR0aD0iMSIgaGVpZ2h0PSIxIiB4bWxucz0iaHR0cDovL3d3dy53My5vcmcvMjAwMC9zdmciPjwvc3ZnPg==\" style=\"--smush-placeholder-width: 128px; --smush-placeholder-aspect-ratio: 128\/128;\" \/>\t\t<\/div>\n\t\t\t\t<div class=\"elementor-post__text\">\n\t\t\t\t<h3 class=\"elementor-post__title\">\n\t\t\t<a href=\"https:\/\/turrillogs.es\/es\/como-calcular-y-declarar-impuestos-sobre-ventas-de-productos-y-servicios\/\" >\n\t\t\t\tC\u00f3mo calcular y declarar impuestos sobre ventas de productos y servicios\t\t\t<\/a>\n\t\t<\/h3>\n\t\t\n\t\t<a class=\"elementor-post__read-more\" href=\"https:\/\/turrillogs.es\/es\/como-calcular-y-declarar-impuestos-sobre-ventas-de-productos-y-servicios\/\" aria-label=\"M\u00e1s informaci\u00f3n sobre C\u00f3mo calcular y declarar impuestos sobre ventas de productos y servicios\" tabindex=\"-1\" >\n\t\t\tLeer m\u00e1s \u00bb\t\t<\/a>\n\n\t\t\t\t<\/div>\n\t\t\t\t<div class=\"elementor-post__meta-data\">\n\t\t\t\t\t<span class=\"elementor-post-date\">\n\t\t\t05\/03\/2024\t\t<\/span>\n\t\t\t\t<\/div>\n\t\t\t\t\t<\/div>\n\t\t<\/article>\n\t\t\t\t<\/div>\n\t\t\n\t\t\t\t\t\t<\/div>\n\t\t\t\t<\/div>\n\t\t\t\t<div class=\"elementor-element elementor-element-d29cbc7 elementor-widget-divider--view-line elementor-widget elementor-widget-divider\" data-id=\"d29cbc7\" data-element_type=\"widget\" data-widget_type=\"divider.default\">\n\t\t\t\t<div class=\"elementor-widget-container\">\n\t\t\t\t\t\t\t<div class=\"elementor-divider\">\n\t\t\t<span class=\"elementor-divider-separator\">\n\t\t\t\t\t\t<\/span>\n\t\t<\/div>\n\t\t\t\t\t\t<\/div>\n\t\t\t\t<\/div>\n\t\t\t\t<div class=\"elementor-element elementor-element-c9ff1e1 elementor-author-box--avatar-yes elementor-author-box--name-yes elementor-author-box--biography-yes elementor-author-box--link-no elementor-widget elementor-widget-author-box\" data-id=\"c9ff1e1\" data-element_type=\"widget\" data-widget_type=\"author-box.default\">\n\t\t\t\t<div class=\"elementor-widget-container\">\n\t\t\t\t\t\t\t<div class=\"elementor-author-box\">\n\t\t\t\t\t\t\t<div  class=\"elementor-author-box__avatar\">\n\t\t\t\t\t<img decoding=\"async\" data-src=\"https:\/\/turrillogs.es\/es\/wp-content\/uploads\/2024\/01\/Diseno-sin-titulo-96.jpg\" alt=\"Imagen de Isabel Turrillo\" src=\"data:image\/svg+xml;base64,PHN2ZyB3aWR0aD0iMSIgaGVpZ2h0PSIxIiB4bWxucz0iaHR0cDovL3d3dy53My5vcmcvMjAwMC9zdmciPjwvc3ZnPg==\" class=\"lazyload\" style=\"--smush-placeholder-width: 250px; --smush-placeholder-aspect-ratio: 250\/250;\">\n\t\t\t\t<\/div>\n\t\t\t\n\t\t\t<div class=\"elementor-author-box__text\">\n\t\t\t\t\t\t\t\t\t<div >\n\t\t\t\t\t\t<h3 class=\"elementor-author-box__name\">\n\t\t\t\t\t\t\tIsabel Turrillo\t\t\t\t\t\t<\/h3>\n\t\t\t\t\t<\/div>\n\t\t\t\t\n\t\t\t\t\t\t\t\t\t<div class=\"elementor-author-box__bio\">\n\t\t\t\t\t\tIsabel Turrillo es una destacada figura en el \u00e1mbito del comercio internacional y las relaciones Italia-Espa\u00f1a, con una trayectoria que abarca m\u00e1s de una d\u00e9cada. Como Vicedelegada Operativa de la CCIS en Valencia desde 2018, Isabel ha desempe\u00f1ado un papel crucial en fortalecer las conexiones comerciales y culturales entre ambos pa\u00edses. Adem\u00e1s, como CEO de Turrillo Global Services desde 2011, ha demostrado su expertise en contabilidad y consultor\u00eda empresarial. Su experiencia previa incluye roles significativos en The Walt Disney Company y LEGO Group, a\u00f1adiendo una dimensi\u00f3n internacional a su perfil profesional. Reconocida por su capacidad para fomentar la cooperaci\u00f3n empresarial, Isabel combina su conocimiento t\u00e9cnico con una comprensi\u00f3n profunda de las din\u00e1micas culturales en el comercio internacional. Activa en plataformas profesionales como LinkedIn, comparte sus valiosas perspectivas y experiencias, facilitando el di\u00e1logo y el aprendizaje continuo en su campo. Pol\u00edglota, su habilidad para comunicarse en varios idiomas le permite interactuar eficazmente en un entorno global. Su enfoque \u00fanico, que integra habilidades t\u00e9cnicas y sensibilidad cultural, ha sido clave para su \u00e9xito y el de las organizaciones con las que ha colaborado.\t\t\t\t\t<\/div>\n\t\t\t\t\n\t\t\t\t\t\t\t<\/div>\n\t\t<\/div>\n\t\t\t\t\t\t<\/div>\n\t\t\t\t<\/div>\n\t\t\t\t\t<\/div>\n\t\t\t\t<\/div>\n\t\t\t\t\t<\/div>\n\t\t\t\t<\/div>\n\t\t\t\t\t<\/div>\n\t\t\t\t<\/div>\n\t\t\t\t<\/div>\n\t\t","protected":false},"excerpt":{"rendered":"<p>Gesti\u00f3n de Incapacidades Temporales Bienvenidos a Turrillo Global Services, tu aliado de confianza en la gesti\u00f3n eficiente de incapacidades temporales para empresas. Con presencia en distintas localidades, estamos dedicados a ofrecer un servicio excepcional a empresas de todos los tama\u00f1os en toda la regi\u00f3n. Entendemos que la gesti\u00f3n de incapacidades<\/p>\n","protected":false},"author":6,"featured_media":0,"parent":0,"menu_order":0,"comment_status":"closed","ping_status":"closed","template":"elementor_header_footer","meta":{"footnotes":""},"class_list":["post-869","page","type-page","status-publish","hentry"],"yoast_head":"<!-- This site is optimized with the Yoast SEO plugin v26.8 - https:\/\/yoast.com\/product\/yoast-seo-wordpress\/ -->\n<title>Gesti\u00f3n de Incapacidades Temporales - Turrillo Global Services<\/title>\n<meta name=\"description\" content=\"Turrillo Global Services, tu aliado en la gesti\u00f3n de incapacidades temporales, ofreciendo asesoramiento experto y apoyo para las empresas.\" \/>\n<meta name=\"robots\" content=\"index, follow, max-snippet:-1, max-image-preview:large, max-video-preview:-1\" \/>\n<link rel=\"canonical\" href=\"https:\/\/turrillogs.es\/es\/gestion-de-incapacidades-temporales-2\/\" \/>\n<meta property=\"og:locale\" content=\"es_ES\" \/>\n<meta property=\"og:type\" content=\"article\" \/>\n<meta property=\"og:title\" content=\"Gesti\u00f3n de Incapacidades Temporales - Turrillo Global Services\" \/>\n<meta property=\"og:description\" content=\"Turrillo Global Services, tu aliado en la gesti\u00f3n de incapacidades temporales, ofreciendo asesoramiento experto y apoyo para las empresas.\" \/>\n<meta property=\"og:url\" content=\"https:\/\/turrillogs.es\/es\/gestion-de-incapacidades-temporales-2\/\" \/>\n<meta property=\"og:site_name\" content=\"Turrillo Global Services\" \/>\n<meta property=\"article:publisher\" content=\"https:\/\/www.facebook.com\/turrillogs.es\/?locale=es_ES\" \/>\n<meta property=\"article:modified_time\" content=\"2024-07-12T09:41:47+00:00\" \/>\n<meta property=\"og:image\" content=\"https:\/\/turrillogs.es\/es\/wp-content\/uploads\/2024\/02\/Diseno-sin-titulo-27.jpg\" \/>\n<meta name=\"twitter:card\" content=\"summary_large_image\" \/>\n<meta name=\"twitter:label1\" content=\"Tiempo de lectura\" \/>\n\t<meta name=\"twitter:data1\" content=\"3 minutos\" \/>\n<script type=\"application\/ld+json\" class=\"yoast-schema-graph\">{\"@context\":\"https:\/\/schema.org\",\"@graph\":[{\"@type\":\"WebPage\",\"@id\":\"https:\/\/turrillogs.es\/es\/gestion-de-incapacidades-temporales-2\/\",\"url\":\"https:\/\/turrillogs.es\/es\/gestion-de-incapacidades-temporales-2\/\",\"name\":\"Gesti\u00f3n de Incapacidades Temporales - Turrillo Global Services\",\"isPartOf\":{\"@id\":\"https:\/\/turrillogs.es\/es\/#website\"},\"primaryImageOfPage\":{\"@id\":\"https:\/\/turrillogs.es\/es\/gestion-de-incapacidades-temporales-2\/#primaryimage\"},\"image\":{\"@id\":\"https:\/\/turrillogs.es\/es\/gestion-de-incapacidades-temporales-2\/#primaryimage\"},\"thumbnailUrl\":\"https:\/\/turrillogs.es\/es\/wp-content\/uploads\/2024\/02\/Diseno-sin-titulo-27.jpg\",\"datePublished\":\"2024-02-06T13:36:36+00:00\",\"dateModified\":\"2024-07-12T09:41:47+00:00\",\"description\":\"Turrillo Global Services, tu aliado en la gesti\u00f3n de incapacidades temporales, ofreciendo asesoramiento experto y apoyo para las empresas.\",\"breadcrumb\":{\"@id\":\"https:\/\/turrillogs.es\/es\/gestion-de-incapacidades-temporales-2\/#breadcrumb\"},\"inLanguage\":\"es\",\"potentialAction\":[{\"@type\":\"ReadAction\",\"target\":[\"https:\/\/turrillogs.es\/es\/gestion-de-incapacidades-temporales-2\/\"]}]},{\"@type\":\"ImageObject\",\"inLanguage\":\"es\",\"@id\":\"https:\/\/turrillogs.es\/es\/gestion-de-incapacidades-temporales-2\/#primaryimage\",\"url\":\"https:\/\/turrillogs.es\/es\/wp-content\/uploads\/2024\/02\/Diseno-sin-titulo-27.jpg\",\"contentUrl\":\"https:\/\/turrillogs.es\/es\/wp-content\/uploads\/2024\/02\/Diseno-sin-titulo-27.jpg\",\"width\":940,\"height\":780,\"caption\":\"Importancia de la Gesti\u00f3n de Incapacidades Temporales para Tu Empresa\"},{\"@type\":\"BreadcrumbList\",\"@id\":\"https:\/\/turrillogs.es\/es\/gestion-de-incapacidades-temporales-2\/#breadcrumb\",\"itemListElement\":[{\"@type\":\"ListItem\",\"position\":1,\"name\":\"Home\",\"item\":\"https:\/\/turrillogs.es\/es\/\"},{\"@type\":\"ListItem\",\"position\":2,\"name\":\"Gesti\u00f3n de Incapacidades Temporales\"}]},{\"@type\":\"WebSite\",\"@id\":\"https:\/\/turrillogs.es\/es\/#website\",\"url\":\"https:\/\/turrillogs.es\/es\/\",\"name\":\"Turrillo Global Services\",\"description\":\"Asesoria contable, fiscal y laboral\",\"publisher\":{\"@id\":\"https:\/\/turrillogs.es\/es\/#organization\"},\"potentialAction\":[{\"@type\":\"SearchAction\",\"target\":{\"@type\":\"EntryPoint\",\"urlTemplate\":\"https:\/\/turrillogs.es\/es\/?s={search_term_string}\"},\"query-input\":{\"@type\":\"PropertyValueSpecification\",\"valueRequired\":true,\"valueName\":\"search_term_string\"}}],\"inLanguage\":\"es\"},{\"@type\":\"Organization\",\"@id\":\"https:\/\/turrillogs.es\/es\/#organization\",\"name\":\"Turrillo Global Services\",\"url\":\"https:\/\/turrillogs.es\/es\/\",\"logo\":{\"@type\":\"ImageObject\",\"inLanguage\":\"es\",\"@id\":\"https:\/\/turrillogs.es\/es\/#\/schema\/logo\/image\/\",\"url\":\"https:\/\/turrillogs.es\/es\/wp-content\/uploads\/2021\/04\/a.jpg\",\"contentUrl\":\"https:\/\/turrillogs.es\/es\/wp-content\/uploads\/2021\/04\/a.jpg\",\"width\":262,\"height\":119,\"caption\":\"Turrillo Global Services\"},\"image\":{\"@id\":\"https:\/\/turrillogs.es\/es\/#\/schema\/logo\/image\/\"},\"sameAs\":[\"https:\/\/www.facebook.com\/turrillogs.es\/?locale=es_ES\",\"https:\/\/www.linkedin.com\/company\/turrillo-global-services\"]}]}<\/script>\n<!-- \/ Yoast SEO plugin. -->","yoast_head_json":{"title":"Gesti\u00f3n de Incapacidades Temporales - Turrillo Global Services","description":"Turrillo Global Services, tu aliado en la gesti\u00f3n de incapacidades temporales, ofreciendo asesoramiento experto y apoyo para las empresas.","robots":{"index":"index","follow":"follow","max-snippet":"max-snippet:-1","max-image-preview":"max-image-preview:large","max-video-preview":"max-video-preview:-1"},"canonical":"https:\/\/turrillogs.es\/es\/gestion-de-incapacidades-temporales-2\/","og_locale":"es_ES","og_type":"article","og_title":"Gesti\u00f3n de Incapacidades Temporales - Turrillo Global Services","og_description":"Turrillo Global Services, tu aliado en la gesti\u00f3n de incapacidades temporales, ofreciendo asesoramiento experto y apoyo para las empresas.","og_url":"https:\/\/turrillogs.es\/es\/gestion-de-incapacidades-temporales-2\/","og_site_name":"Turrillo Global Services","article_publisher":"https:\/\/www.facebook.com\/turrillogs.es\/?locale=es_ES","article_modified_time":"2024-07-12T09:41:47+00:00","og_image":[{"url":"https:\/\/turrillogs.es\/es\/wp-content\/uploads\/2024\/02\/Diseno-sin-titulo-27.jpg","type":"","width":"","height":""}],"twitter_card":"summary_large_image","twitter_misc":{"Tiempo de lectura":"3 minutos"},"schema":{"@context":"https:\/\/schema.org","@graph":[{"@type":"WebPage","@id":"https:\/\/turrillogs.es\/es\/gestion-de-incapacidades-temporales-2\/","url":"https:\/\/turrillogs.es\/es\/gestion-de-incapacidades-temporales-2\/","name":"Gesti\u00f3n de Incapacidades Temporales - Turrillo Global Services","isPartOf":{"@id":"https:\/\/turrillogs.es\/es\/#website"},"primaryImageOfPage":{"@id":"https:\/\/turrillogs.es\/es\/gestion-de-incapacidades-temporales-2\/#primaryimage"},"image":{"@id":"https:\/\/turrillogs.es\/es\/gestion-de-incapacidades-temporales-2\/#primaryimage"},"thumbnailUrl":"https:\/\/turrillogs.es\/es\/wp-content\/uploads\/2024\/02\/Diseno-sin-titulo-27.jpg","datePublished":"2024-02-06T13:36:36+00:00","dateModified":"2024-07-12T09:41:47+00:00","description":"Turrillo Global Services, tu aliado en la gesti\u00f3n de incapacidades temporales, ofreciendo asesoramiento experto y apoyo para las empresas.","breadcrumb":{"@id":"https:\/\/turrillogs.es\/es\/gestion-de-incapacidades-temporales-2\/#breadcrumb"},"inLanguage":"es","potentialAction":[{"@type":"ReadAction","target":["https:\/\/turrillogs.es\/es\/gestion-de-incapacidades-temporales-2\/"]}]},{"@type":"ImageObject","inLanguage":"es","@id":"https:\/\/turrillogs.es\/es\/gestion-de-incapacidades-temporales-2\/#primaryimage","url":"https:\/\/turrillogs.es\/es\/wp-content\/uploads\/2024\/02\/Diseno-sin-titulo-27.jpg","contentUrl":"https:\/\/turrillogs.es\/es\/wp-content\/uploads\/2024\/02\/Diseno-sin-titulo-27.jpg","width":940,"height":780,"caption":"Importancia de la Gesti\u00f3n de Incapacidades Temporales para Tu Empresa"},{"@type":"BreadcrumbList","@id":"https:\/\/turrillogs.es\/es\/gestion-de-incapacidades-temporales-2\/#breadcrumb","itemListElement":[{"@type":"ListItem","position":1,"name":"Home","item":"https:\/\/turrillogs.es\/es\/"},{"@type":"ListItem","position":2,"name":"Gesti\u00f3n de Incapacidades Temporales"}]},{"@type":"WebSite","@id":"https:\/\/turrillogs.es\/es\/#website","url":"https:\/\/turrillogs.es\/es\/","name":"Turrillo Global Services","description":"Asesoria contable, fiscal y laboral","publisher":{"@id":"https:\/\/turrillogs.es\/es\/#organization"},"potentialAction":[{"@type":"SearchAction","target":{"@type":"EntryPoint","urlTemplate":"https:\/\/turrillogs.es\/es\/?s={search_term_string}"},"query-input":{"@type":"PropertyValueSpecification","valueRequired":true,"valueName":"search_term_string"}}],"inLanguage":"es"},{"@type":"Organization","@id":"https:\/\/turrillogs.es\/es\/#organization","name":"Turrillo Global Services","url":"https:\/\/turrillogs.es\/es\/","logo":{"@type":"ImageObject","inLanguage":"es","@id":"https:\/\/turrillogs.es\/es\/#\/schema\/logo\/image\/","url":"https:\/\/turrillogs.es\/es\/wp-content\/uploads\/2021\/04\/a.jpg","contentUrl":"https:\/\/turrillogs.es\/es\/wp-content\/uploads\/2021\/04\/a.jpg","width":262,"height":119,"caption":"Turrillo Global Services"},"image":{"@id":"https:\/\/turrillogs.es\/es\/#\/schema\/logo\/image\/"},"sameAs":["https:\/\/www.facebook.com\/turrillogs.es\/?locale=es_ES","https:\/\/www.linkedin.com\/company\/turrillo-global-services"]}]}},"post_mailing_queue_ids":[],"_links":{"self":[{"href":"https:\/\/turrillogs.es\/es\/wp-json\/wp\/v2\/pages\/869","targetHints":{"allow":["GET"]}}],"collection":[{"href":"https:\/\/turrillogs.es\/es\/wp-json\/wp\/v2\/pages"}],"about":[{"href":"https:\/\/turrillogs.es\/es\/wp-json\/wp\/v2\/types\/page"}],"author":[{"embeddable":true,"href":"https:\/\/turrillogs.es\/es\/wp-json\/wp\/v2\/users\/6"}],"replies":[{"embeddable":true,"href":"https:\/\/turrillogs.es\/es\/wp-json\/wp\/v2\/comments?post=869"}],"version-history":[{"count":7,"href":"https:\/\/turrillogs.es\/es\/wp-json\/wp\/v2\/pages\/869\/revisions"}],"predecessor-version":[{"id":1604,"href":"https:\/\/turrillogs.es\/es\/wp-json\/wp\/v2\/pages\/869\/revisions\/1604"}],"wp:attachment":[{"href":"https:\/\/turrillogs.es\/es\/wp-json\/wp\/v2\/media?parent=869"}],"curies":[{"name":"wp","href":"https:\/\/api.w.org\/{rel}","templated":true}]}}